{"id":2496,"date":"2021-02-18T15:01:44","date_gmt":"2021-02-18T15:01:44","guid":{"rendered":"https:\/\/africagastronomique.com\/?page_id=2496"},"modified":"2021-02-22T10:48:09","modified_gmt":"2021-02-22T10:48:09","slug":"fashion-cuisine","status":"publish","type":"page","link":"https:\/\/africagastronomique.com\/en\/fashion-cuisine\/","title":{"rendered":"FASHION CUISINE"},"content":{"rendered":"<div data-elementor-type=\"wp-page\" data-elementor-id=\"2496\" class=\"elementor elementor-2496\">\n\t\t\t\t\t\t\t\t\t<section class=\"elementor-section elementor-top-section elementor-element elementor-element-7ce12bb elementor-section-boxed elementor-section-height-default elementor-section-height-default\" data-id=\"7ce12bb\" data-element_type=\"section\">\n\t\t\t\t\t\t<div class=\"elementor-container elementor-column-gap-default\">\n\t\t\t\t\t<div class=\"elementor-column elementor-col-100 elementor-top-column elementor-element elementor-element-08c611c\" data-id=\"08c611c\" data-element_type=\"column\">\n\t\t\t<div class=\"elementor-widget-wrap elementor-element-populated\">\n\t\t\t\t\t\t\t\t<div class=\"elementor-element elementor-element-e6ebc5b elementor-widget elementor-widget-video\" data-id=\"e6ebc5b\" data-element_type=\"widget\" data-settings=\"{&quot;youtube_url&quot;:&quot;https:\\\/\\\/www.youtube.com\\\/watch?v=ZjiMGpXtW60&quot;,&quot;autoplay&quot;:&quot;yes&quot;,&quot;play_on_mobile&quot;:&quot;yes&quot;,&quot;video_type&quot;:&quot;youtube&quot;,&quot;controls&quot;:&quot;yes&quot;}\" data-widget_type=\"video.default\">\n\t\t\t\t<div class=\"elementor-widget-container\">\n\t\t\t\t\t<div class=\"elementor-wrapper elementor-open-inline\">\n\t\t\t<div class=\"elementor-video\"><\/div>\t\t<\/div>\n\t\t\t\t<\/div>\n\t\t\t\t<\/div>\n\t\t\t\t\t<\/div>\n\t\t<\/div>\n\t\t\t\t\t\t\t<\/div>\n\t\t<\/section>\n\t\t\t\t<section class=\"elementor-section elementor-top-section elementor-element elementor-element-01820d4 elementor-section-boxed elementor-section-height-default elementor-section-height-default\" data-id=\"01820d4\" data-element_type=\"section\">\n\t\t\t\t\t\t<div class=\"elementor-container elementor-column-gap-default\">\n\t\t\t\t\t<div class=\"elementor-column elementor-col-100 elementor-top-column elementor-element elementor-element-35a884b\" data-id=\"35a884b\" data-element_type=\"column\">\n\t\t\t<div class=\"elementor-widget-wrap elementor-element-populated\">\n\t\t\t\t\t\t\t\t<div class=\"elementor-element elementor-element-8e1195b elementor-widget elementor-widget-text-editor\" data-id=\"8e1195b\" data-element_type=\"widget\" data-widget_type=\"text-editor.default\">\n\t\t\t\t<div class=\"elementor-widget-container\">\n\t\t\t\t\t\t\t<h3><span style=\"color: #000000;\"><em><strong><span style=\"vertical-align: inherit;\"><span style=\"vertical-align: inherit;\">AFRIQUE GASTRONOMIQUE: FASHION CUISINE Africa Gastronomique Summit:<\/span><\/span><\/strong><\/em><\/span><\/h3><p><span style=\"vertical-align: inherit;\"><span style=\"vertical-align: inherit;\">La Fashion Cuisine Africaine Gastronomique est le quatri\u00e8me \u00e9v\u00e9nement majeur qui existe dans le Projet Gastronomique Africain et est unique en son genre. <\/span><\/span><br \/><span style=\"vertical-align: inherit;\"><span style=\"vertical-align: inherit;\">Quatri\u00e8me de tous les \u00e9v\u00e9nements organis\u00e9s par Africa Gastronomique Il peut \u00eatre organis\u00e9 par chaque pays au moins deux fois par an <\/span><\/span><br \/><span style=\"vertical-align: inherit;\"><span style=\"vertical-align: inherit;\">Il a la particularit\u00e9 sur le d\u00e9veloppement de produits locaux. <\/span><span style=\"vertical-align: inherit;\">C&rsquo;est un \u00e9v\u00e9nement Photoshop, Design, Fashion LIVE COOKIE. <\/span><\/span><br \/><span style=\"vertical-align: inherit;\"><span style=\"vertical-align: inherit;\">Il s&rsquo;agit de cr\u00e9er de nouveaux menus \u00e0 partir de produits agro-pastoraux qui dynamisent l&rsquo;agro-industrie et enrichissent la gastronomie locale. <\/span><\/span><br \/><span style=\"vertical-align: inherit;\"><span style=\"vertical-align: inherit;\">Cet \u00e9v\u00e9nement a pour but de d\u00e9montrer la multitude de fa\u00e7ons d&rsquo;utiliser les produits partenaires. <\/span><\/span><br \/><span style=\"vertical-align: inherit;\"><span style=\"vertical-align: inherit;\">C&rsquo;est un \u00e9v\u00e9nement plac\u00e9 sous la coordination de la direction g\u00e9n\u00e9rale et dirig\u00e9 par l&rsquo;association Africa Gastronomique. <\/span><\/span><br \/><span style=\"vertical-align: inherit;\"><span style=\"vertical-align: inherit;\">L&rsquo;\u00e9v\u00e9nement s&rsquo;\u00e9tend sur une p\u00e9riode de 2 \u00e0 3 jours au maximum.<\/span><\/span><br \/><span style=\"vertical-align: inherit;\"><span style=\"vertical-align: inherit;\">Journ\u00e9e portes ouvertes o\u00f9 les visiteurs d\u00e9couvrent mes talents le g\u00e9nie de la gastronomie locale. <\/span><\/span><br \/><span style=\"vertical-align: inherit;\"><span style=\"vertical-align: inherit;\">Journ\u00e9e de tournage du film vid\u00e9o pour la promotion des produits locaux. <\/span><\/span><br \/><span style=\"vertical-align: inherit;\"><span style=\"vertical-align: inherit;\">Soir\u00e9e de gala Fashions Cuisine Sud Banquet live cooking Service VIP <\/span><\/span><br \/><span style=\"vertical-align: inherit;\"><span style=\"vertical-align: inherit;\">Pour r\u00e9ussir cet \u00e9v\u00e9nement, il est toujours conseill\u00e9 de faire appel \u00e0 des professionnels dans l&rsquo;organisation d&rsquo;\u00e9v\u00e9nements.<\/span><\/span><\/p><h2><span style=\"color: #000000;\"><strong><span style=\"vertical-align: inherit;\"><span style=\"vertical-align: inherit;\">Le th\u00e8me de la conf\u00e9rence:<\/span><\/span><\/strong><\/span><\/h2><p><span style=\"vertical-align: inherit;\"><span style=\"vertical-align: inherit;\">Le th\u00e8me de l&rsquo;\u00e9v\u00e9nement est choisi en fonction des organisateurs des enjeux de l&rsquo;\u00e9v\u00e9nement le th\u00e8me s&rsquo;adapte en fonction des circonstances. <\/span><\/span><br \/><span style=\"vertical-align: inherit;\"><span style=\"vertical-align: inherit;\">Les id\u00e9es innovantes peuvent am\u00e9liorer le syst\u00e8me et changer l&rsquo;esprit de la culture et r\u00e9volutionner la gastronomie africaine. <\/span><\/span><br \/><span style=\"vertical-align: inherit;\"><span style=\"vertical-align: inherit;\">Le th\u00e8me doit incarner les id\u00e9ologies du Projet Gastronomique Africain <\/span><\/span><br \/><span style=\"vertical-align: inherit;\"><span style=\"vertical-align: inherit;\">et refl\u00e9ter la r\u00e9alit\u00e9 sur le terrain<\/span><\/span><\/p><h2><strong><span style=\"color: #000000;\"><span style=\"vertical-align: inherit;\"><span style=\"vertical-align: inherit;\">Assistance et autorisation:<\/span><\/span><\/span><\/strong><\/h2><p><span style=\"vertical-align: inherit;\"><span style=\"vertical-align: inherit;\">L&rsquo;\u00e9v\u00e9nement est g\u00e9n\u00e9ralement plac\u00e9 sous le parrainage d&rsquo;une haute autorit\u00e9 et des parrains et marraines pour accompagner les \u00e9v\u00e9nements.<\/span><\/span><\/p><h2><span style=\"color: #000000;\"><strong><span style=\"vertical-align: inherit;\"><span style=\"vertical-align: inherit;\">Le but :<\/span><\/span><\/strong><\/span><\/h2><p><span style=\"vertical-align: inherit;\"><span style=\"vertical-align: inherit;\">L&rsquo;objectif principal est de r\u00e9unir tous les partenaires existants dans le pays autour d&rsquo;une table de partage et d&rsquo;\u00e9change sur leurs services et le d\u00e9veloppement de la gastronomie africaine. <\/span><\/span><br \/><span style=\"vertical-align: inherit;\"><span style=\"vertical-align: inherit;\">Pour donner une valeur ajout\u00e9e \u00e0 leur produit et service <\/span><\/span><br \/><span style=\"vertical-align: inherit;\"><span style=\"vertical-align: inherit;\">En fait, go\u00fbtez et d\u00e9couvrez les services et produits des diff\u00e9rents partenaires. <\/span><\/span><br \/><span style=\"vertical-align: inherit;\"><span style=\"vertical-align: inherit;\">R\u00e9unir cuisiniers et consommateurs pour relever le d\u00e9fi du d\u00e9veloppement de la gastronomie. <\/span><\/span><br \/><span style=\"vertical-align: inherit;\"><span style=\"vertical-align: inherit;\">Apporte le tourisme gastronomique aux h\u00f4tes et aux populations locales <\/span><\/span><br \/><span style=\"vertical-align: inherit;\"><span style=\"vertical-align: inherit;\">S&rsquo;appuyer sur le savoir-faire sur les produits locaux et les services propos\u00e9s par les partenaires <\/span><\/span><br \/><span style=\"vertical-align: inherit;\"><span style=\"vertical-align: inherit;\">L&rsquo;\u00e9v\u00e9nement est de nature 100% commerciale.<\/span><\/span><\/p><h2><strong><span style=\"color: #000000;\"><span style=\"vertical-align: inherit;\"><span style=\"vertical-align: inherit;\">Composant:<\/span><\/span><\/span><\/strong><\/h2><p><span style=\"vertical-align: inherit;\"><span style=\"vertical-align: inherit;\">La Fashion Cuisine Africaine Gastronomique est un \u00e9v\u00e9nement organis\u00e9 par Africa Gastronomique et l&rsquo;ensemble de ses partenaires. <\/span><\/span><br \/><span style=\"vertical-align: inherit;\"><span style=\"vertical-align: inherit;\">10 partenaires minimum sont n\u00e9cessaires pour l&rsquo;organisation de cet \u00e9v\u00e9nement <\/span><\/span><br \/><span style=\"vertical-align: inherit;\"><span style=\"vertical-align: inherit;\">Et plus de 3 partenaires officiels Pour pouvoir aider \u00e0 lever des fonds pour l&rsquo;organisation de l&rsquo;\u00e9v\u00e9nement <\/span><\/span><br \/><span style=\"vertical-align: inherit;\"><span style=\"vertical-align: inherit;\">L&rsquo;\u00e9v\u00e9nement doit se tenir dans un lieu public avec une salle de conf\u00e9rence une exposition et une esplanade de d\u00e9couverte. <\/span><span style=\"vertical-align: inherit;\">Un espace id\u00e9al pour le professionnel LIVE COOKIE adapt\u00e9 \u00e0 l&rsquo;\u00e9v\u00e9nement Activit\u00e9s: <\/span><\/span><br \/><span style=\"vertical-align: inherit;\"><span style=\"vertical-align: inherit;\">1- Journ\u00e9e Portes Ouvertes (D\u00e9couvertes) <\/span><\/span><br \/><span style=\"vertical-align: inherit;\"><span style=\"vertical-align: inherit;\">Ouvert au public du Times exposition de produits agroalimentaires et vente de services <\/span><\/span><br \/><span style=\"vertical-align: inherit;\"><span style=\"vertical-align: inherit;\">Une cuisine ouverte pour la d\u00e9gustation des plats r\u00e9alis\u00e9s <\/span><\/span><br \/><span style=\"vertical-align: inherit;\"><span style=\"vertical-align: inherit;\">Atelier de formation Th\u00e9orie et pratique de cl\u00f4ture par certificats <\/span><\/span><br \/><span style=\"vertical-align: inherit;\"><span style=\"vertical-align: inherit;\">Conf\u00e9rence et formation sur le d\u00e9partement des produits et services<\/span><\/span><\/p><p><span style=\"vertical-align: inherit;\"><span style=\"vertical-align: inherit;\">La science de la sensibilisation et l&rsquo;\u00e9veil \u00e0 la conscience suivent l&rsquo;atelier de consommation des produits locaux (conseils sur la cuisine africaine, expositions, ventes &#8230;)<\/span><\/span><\/p><p><span style=\"vertical-align: inherit;\"><span style=\"vertical-align: inherit;\">2- Journ\u00e9e de tournage de films vid\u00e9o (Photoshop) <\/span><\/span><br \/><span style=\"vertical-align: inherit;\"><span style=\"vertical-align: inherit;\">Pour booster la fuite des ventes des produits de nos partenaires, cette journ\u00e9e est consacr\u00e9e au tournage pour r\u00e9aliser des vid\u00e9os et des photos qui sensibiliseront la population aux bienfaits de ces produits.<\/span><\/span><\/p><h5><span style=\"color: #808080;\"><span style=\"vertical-align: inherit;\"><span style=\"vertical-align: inherit;\">3- Soir\u00e9e Gala Fashions Cuisine (Publicit\u00e9) <\/span><\/span><\/span><br \/><span style=\"color: #808080;\"><span style=\"vertical-align: inherit;\"><span style=\"vertical-align: inherit;\">Service VIP <\/span><span style=\"vertical-align: inherit;\">Soir\u00e9e <\/span><span style=\"vertical-align: inherit;\">d\u00e9tente et d\u00e9gustation <\/span><\/span><\/span><br \/><span style=\"color: #808080;\"><span style=\"vertical-align: inherit;\"><span style=\"vertical-align: inherit;\">Pr\u00e9sentation et d\u00e9monstration des produits et services partenaires <\/span><\/span><\/span><br \/><span style=\"color: #808080;\"><span style=\"vertical-align: inherit;\"><span style=\"vertical-align: inherit;\">T\u00e9moignages, espaces pour les amateurs d&rsquo;art culinaire.<\/span><\/span><\/span><\/h5><p><span style=\"color: #000000;\"><strong><span style=\"vertical-align: inherit;\"><span style=\"vertical-align: inherit;\">Les principaux objectifs:<\/span><\/span><\/strong><\/span><\/p><p><span style=\"vertical-align: inherit;\"><span style=\"vertical-align: inherit;\">Populations nationales et internationales. <\/span><\/span><br \/><span style=\"vertical-align: inherit;\"><span style=\"vertical-align: inherit;\">Amateurs de tourisme culinaire et Loisy. <\/span><\/span><br \/><span style=\"vertical-align: inherit;\"><span style=\"vertical-align: inherit;\">Professionnels de l&rsquo;h\u00f4tellerie et de la restauration. <\/span><\/span><br \/><span style=\"vertical-align: inherit;\"><span style=\"vertical-align: inherit;\">Les \u00e9tudiants de l&rsquo;\u00e9cole h\u00f4teli\u00e8re et de la restauration. <\/span><\/span><br \/><span style=\"vertical-align: inherit;\"><span style=\"vertical-align: inherit;\">Les traditionalistes <\/span><\/span><br \/><span style=\"vertical-align: inherit;\"><span style=\"vertical-align: inherit;\">Di\u00e9t\u00e9tistes, Nutritionnistes et V\u00e9g\u00e9tariens <\/span><\/span><br \/><span style=\"vertical-align: inherit;\"><span style=\"vertical-align: inherit;\">Les promoteurs ou r\u00e9gulateurs des structures h\u00f4teli\u00e8res et de restauration. <\/span><\/span><br \/><span style=\"vertical-align: inherit;\"><span style=\"vertical-align: inherit;\">Passionn\u00e9 et amateur de la gastronomie africaine <\/span><\/span><br \/><span style=\"vertical-align: inherit;\"><span style=\"vertical-align: inherit;\">Les partenaires ciblent: <\/span><\/span><br \/><span style=\"vertical-align: inherit;\"><span style=\"vertical-align: inherit;\">Les r\u00e9gulateurs structurels de l&rsquo;h\u00f4tellerie et de la restauration. <\/span><\/span><br \/><span style=\"vertical-align: inherit;\"><span style=\"vertical-align: inherit;\">Consommateurs directs <\/span><\/span><br \/><span style=\"vertical-align: inherit;\"><span style=\"vertical-align: inherit;\">H\u00f4tels, restaurants, <\/span><\/span><br \/><span style=\"vertical-align: inherit;\"><span style=\"vertical-align: inherit;\">cantines, caf\u00e9s.<\/span><\/span><\/p><p><span style=\"vertical-align: inherit;\"><span style=\"vertical-align: inherit;\">Structures de formation en h\u00f4tellerie et restauration. <\/span><\/span><br \/><span style=\"vertical-align: inherit;\"><span style=\"vertical-align: inherit;\">Associations de femmes.<\/span><\/span><\/p><p><span style=\"vertical-align: inherit;\"><span style=\"vertical-align: inherit;\">Transformation des produits locaux <\/span><\/span><br \/><span style=\"vertical-align: inherit;\"><span style=\"vertical-align: inherit;\">Magasin des industries alimentaires vendant des produits locaux. <\/span><\/span><br \/><span style=\"vertical-align: inherit;\"><span style=\"vertical-align: inherit;\">Industries agro-alimentaires locales.<\/span><\/span><\/p><p><span style=\"vertical-align: inherit;\"><span style=\"vertical-align: inherit;\">Agriculture et \u00e9levage <\/span><\/span><br \/><span style=\"vertical-align: inherit;\"><span style=\"vertical-align: inherit;\">Pisciculteurs. <\/span><\/span><br \/><span style=\"vertical-align: inherit;\"><span style=\"vertical-align: inherit;\">Les planteurs. <\/span><\/span><br \/><span style=\"vertical-align: inherit;\"><span style=\"vertical-align: inherit;\">Producteurs d&rsquo;appareils et d&rsquo;\u00e9quipements de restauration. <\/span><\/span><br \/><span style=\"vertical-align: inherit;\"><span style=\"vertical-align: inherit;\">Structures de vente d&rsquo;\u00e9quipements et d&rsquo;appareils de cuisine.<\/span><\/span><\/p><p><span style=\"vertical-align: inherit;\"><span style=\"vertical-align: inherit;\">Les sponsors ciblent les <\/span><\/span><br \/><span style=\"vertical-align: inherit;\"><span style=\"vertical-align: inherit;\">gouvernements <\/span><\/span><br \/><span style=\"vertical-align: inherit;\"><span style=\"vertical-align: inherit;\">Minist\u00e8re du tourisme <\/span><\/span><br \/><span style=\"vertical-align: inherit;\"><span style=\"vertical-align: inherit;\">Minist\u00e8re du commerce <\/span><\/span><br \/><span style=\"vertical-align: inherit;\"><span style=\"vertical-align: inherit;\">Minist\u00e8re de la sant\u00e9 publique <\/span><\/span><br \/><span style=\"vertical-align: inherit;\"><span style=\"vertical-align: inherit;\">Minist\u00e8re des arts et de l&rsquo;artisanat <\/span><\/span><br \/><span style=\"vertical-align: inherit;\"><span style=\"vertical-align: inherit;\">Minist\u00e8re de l&rsquo;agriculture. <\/span><\/span><br \/><span style=\"vertical-align: inherit;\"><span style=\"vertical-align: inherit;\">La chanson <\/span><\/span><br \/><span style=\"vertical-align: inherit;\"><span style=\"vertical-align: inherit;\">Men of charity. <\/span><\/span><br \/><span style=\"vertical-align: inherit;\"><span style=\"vertical-align: inherit;\">Passionn\u00e9 de culture africaine. <\/span><\/span><br \/><span style=\"vertical-align: inherit;\"><span style=\"vertical-align: inherit;\">Hommes d&rsquo;affaires <\/span><\/span><br \/><span style=\"vertical-align: inherit;\"><span style=\"vertical-align: inherit;\">Structures de formation en h\u00f4tellerie et restauration. <\/span><\/span><br \/><span style=\"vertical-align: inherit;\"><span style=\"vertical-align: inherit;\">Associations de femmes.<\/span><\/span><\/p><p><span style=\"vertical-align: inherit;\"><span style=\"vertical-align: inherit;\">Transformation des produits locaux <\/span><\/span><br \/><span style=\"vertical-align: inherit;\"><span style=\"vertical-align: inherit;\">Magasin des industries alimentaires vendant des produits locaux. <\/span><\/span><br \/><span style=\"vertical-align: inherit;\"><span style=\"vertical-align: inherit;\">Industries agro-alimentaires locales.<\/span><\/span><\/p><p><span style=\"vertical-align: inherit;\"><span style=\"vertical-align: inherit;\">Agriculture et \u00e9levage <\/span><\/span><br \/><span style=\"vertical-align: inherit;\"><span style=\"vertical-align: inherit;\">Pisciculteurs. <\/span><\/span><br \/><span style=\"vertical-align: inherit;\"><span style=\"vertical-align: inherit;\">Les planteurs. <\/span><\/span><br \/><span style=\"vertical-align: inherit;\"><span style=\"vertical-align: inherit;\">Producteurs d&rsquo;appareils et d&rsquo;\u00e9quipements de restauration. <\/span><\/span><br \/><span style=\"vertical-align: inherit;\"><span style=\"vertical-align: inherit;\">Structures de vente d&rsquo;\u00e9quipements et d&rsquo;appareils de cuisine.<\/span><\/span><\/p>\t\t\t\t\t\t<\/div>\n\t\t\t\t<\/div>\n\t\t\t\t\t<\/div>\n\t\t<\/div>\n\t\t\t\t\t\t\t<\/div>\n\t\t<\/section>\n\t\t\t\t<section class=\"elementor-section elementor-top-section elementor-element elementor-element-b952fb3 elementor-section-boxed elementor-section-height-default elementor-section-height-default\" data-id=\"b952fb3\" data-element_type=\"section\">\n\t\t\t\t\t\t<div class=\"elementor-container elementor-column-gap-default\">\n\t\t\t\t\t<div class=\"elementor-column elementor-col-100 elementor-top-column elementor-element elementor-element-cf868cf\" data-id=\"cf868cf\" data-element_type=\"column\">\n\t\t\t<div class=\"elementor-widget-wrap elementor-element-populated\">\n\t\t\t\t\t\t\t\t<div class=\"elementor-element elementor-element-78ca1aa elementor-widget elementor-widget-heading\" data-id=\"78ca1aa\" data-element_type=\"widget\" data-widget_type=\"heading.default\">\n\t\t\t\t<div class=\"elementor-widget-container\">\n\t\t\t<h2 class=\"elementor-heading-title elementor-size-default\">OUR ACTIVITIES FOR THE YEAR 2021<\/h2>\t\t<\/div>\n\t\t\t\t<\/div>\n\t\t\t\t\t<\/div>\n\t\t<\/div>\n\t\t\t\t\t\t\t<\/div>\n\t\t<\/section>\n\t\t\t\t<section class=\"elementor-section elementor-top-section elementor-element elementor-element-2327357 elementor-section-boxed elementor-section-height-default elementor-section-height-default\" data-id=\"2327357\" data-element_type=\"section\">\n\t\t\t\t\t\t<div class=\"elementor-container elementor-column-gap-default\">\n\t\t\t\t\t<div class=\"elementor-column elementor-col-100 elementor-top-column elementor-element elementor-element-16cf1c5\" data-id=\"16cf1c5\" data-element_type=\"column\">\n\t\t\t<div class=\"elementor-widget-wrap elementor-element-populated\">\n\t\t\t\t\t\t\t\t<div class=\"elementor-element elementor-element-bd55a17 elementor-widget elementor-widget-image-gallery\" data-id=\"bd55a17\" data-element_type=\"widget\" data-widget_type=\"image-gallery.default\">\n\t\t\t\t<div class=\"elementor-widget-container\">\n\t\t\t\t\t<div class=\"elementor-image-gallery\">\n\t\t\t<div id='gallery-1' class='gallery galleryid-2496 gallery-columns-4 gallery-size-thumbnail'><figure class='gallery-item'>\n\t\t\t<div class='gallery-icon portrait'>\n\t\t\t\t<a data-elementor-open-lightbox=\"yes\" data-elementor-lightbox-slideshow=\"bd55a17\" data-elementor-lightbox-title=\"CA4\" data-e-action-hash=\"#elementor-action%3Aaction%3Dlightbox%26settings%3DeyJpZCI6MjQ5MiwidXJsIjoiaHR0cHM6XC9cL2FmcmljYWdhc3Ryb25vbWlxdWUuY29tXC93cC1jb250ZW50XC91cGxvYWRzXC8yMDIxXC8wMlwvQ0E0LmpwZWciLCJzbGlkZXNob3ciOiJiZDU1YTE3In0%3D\" href='https:\/\/africagastronomique.com\/wp-content\/uploads\/2021\/02\/CA4.jpeg'><img loading=\"lazy\" decoding=\"async\" width=\"370\" height=\"247\" src=\"https:\/\/africagastronomique.com\/wp-content\/uploads\/2021\/02\/CA4-370x247.jpeg\" class=\"attachment-thumbnail size-thumbnail\" alt=\"\" \/><\/a>\n\t\t\t<\/div><\/figure><figure class='gallery-item'>\n\t\t\t<div class='gallery-icon portrait'>\n\t\t\t\t<a data-elementor-open-lightbox=\"yes\" data-elementor-lightbox-slideshow=\"bd55a17\" data-elementor-lightbox-title=\"CA3\" data-e-action-hash=\"#elementor-action%3Aaction%3Dlightbox%26settings%3DeyJpZCI6MjQ5MSwidXJsIjoiaHR0cHM6XC9cL2FmcmljYWdhc3Ryb25vbWlxdWUuY29tXC93cC1jb250ZW50XC91cGxvYWRzXC8yMDIxXC8wMlwvQ0EzLmpwZWciLCJzbGlkZXNob3ciOiJiZDU1YTE3In0%3D\" href='https:\/\/africagastronomique.com\/wp-content\/uploads\/2021\/02\/CA3.jpeg'><img loading=\"lazy\" decoding=\"async\" width=\"370\" height=\"247\" src=\"https:\/\/africagastronomique.com\/wp-content\/uploads\/2021\/02\/CA3-370x247.jpeg\" class=\"attachment-thumbnail size-thumbnail\" alt=\"\" \/><\/a>\n\t\t\t<\/div><\/figure><figure class='gallery-item'>\n\t\t\t<div class='gallery-icon portrait'>\n\t\t\t\t<a data-elementor-open-lightbox=\"yes\" data-elementor-lightbox-slideshow=\"bd55a17\" data-elementor-lightbox-title=\"CA2\" data-e-action-hash=\"#elementor-action%3Aaction%3Dlightbox%26settings%3DeyJpZCI6MjQ5MCwidXJsIjoiaHR0cHM6XC9cL2FmcmljYWdhc3Ryb25vbWlxdWUuY29tXC93cC1jb250ZW50XC91cGxvYWRzXC8yMDIxXC8wMlwvQ0EyLmpwZWciLCJzbGlkZXNob3ciOiJiZDU1YTE3In0%3D\" href='https:\/\/africagastronomique.com\/wp-content\/uploads\/2021\/02\/CA2.jpeg'><img loading=\"lazy\" decoding=\"async\" width=\"370\" height=\"247\" src=\"https:\/\/africagastronomique.com\/wp-content\/uploads\/2021\/02\/CA2-370x247.jpeg\" class=\"attachment-thumbnail size-thumbnail\" alt=\"\" \/><\/a>\n\t\t\t<\/div><\/figure><figure class='gallery-item'>\n\t\t\t<div class='gallery-icon portrait'>\n\t\t\t\t<a data-elementor-open-lightbox=\"yes\" data-elementor-lightbox-slideshow=\"bd55a17\" data-elementor-lightbox-title=\"CA1\" data-e-action-hash=\"#elementor-action%3Aaction%3Dlightbox%26settings%3DeyJpZCI6MjQ4OSwidXJsIjoiaHR0cHM6XC9cL2FmcmljYWdhc3Ryb25vbWlxdWUuY29tXC93cC1jb250ZW50XC91cGxvYWRzXC8yMDIxXC8wMlwvQ0ExLmpwZWciLCJzbGlkZXNob3ciOiJiZDU1YTE3In0%3D\" href='https:\/\/africagastronomique.com\/wp-content\/uploads\/2021\/02\/CA1.jpeg'><img loading=\"lazy\" decoding=\"async\" width=\"370\" height=\"247\" src=\"https:\/\/africagastronomique.com\/wp-content\/uploads\/2021\/02\/CA1-370x247.jpeg\" class=\"attachment-thumbnail size-thumbnail\" alt=\"\" \/><\/a>\n\t\t\t<\/div><\/figure>\n\t\t<\/div>\n\t\t<\/div>\n\t\t\t\t<\/div>\n\t\t\t\t<\/div>\n\t\t\t\t\t<\/div>\n\t\t<\/div>\n\t\t\t\t\t\t\t<\/div>\n\t\t<\/section>\n\t\t\t\t\t\t\t<\/div>","protected":false},"excerpt":{"rendered":"<p>https:\/\/www.youtube.com\/watch?v=ZjiMGpXtW60 AFRIQUE GASTRONOMIQUE: FASHION CUISINE Africa Gastronomique Summit: La Fashion Cuisine Africaine Gastronomique est le quatri\u00e8me \u00e9v\u00e9nement majeur qui existe dans le Projet Gastronomique Africain et est unique en son&#8230;<\/p>","protected":false},"author":2,"featured_media":0,"parent":0,"menu_order":0,"comment_status":"closed","ping_status":"closed","template":"","meta":{"footnotes":""},"class_list":["post-2496","page","type-page","status-publish","hentry"],"yoast_head":"<!-- This site is optimized with the Yoast SEO plugin v21.4 - https:\/\/yoast.com\/wordpress\/plugins\/seo\/ -->\n<title>FASHION CUISINE - AFRICA GASTRONOMIQUE<\/title>\n<meta name=\"robots\" content=\"index, follow, max-snippet:-1, max-image-preview:large, max-video-preview:-1\" \/>\n<link rel=\"canonical\" href=\"https:\/\/africagastronomique.com\/en\/fashion-cuisine\/\" \/>\n<meta property=\"og:locale\" content=\"en_US\" \/>\n<meta property=\"og:type\" content=\"article\" \/>\n<meta property=\"og:title\" content=\"FASHION CUISINE - AFRICA GASTRONOMIQUE\" \/>\n<meta property=\"og:description\" content=\"https:\/\/www.youtube.com\/watch?v=ZjiMGpXtW60 AFRIQUE GASTRONOMIQUE: FASHION CUISINE Africa Gastronomique Summit: La Fashion Cuisine Africaine Gastronomique est le quatri\u00e8me \u00e9v\u00e9nement majeur qui existe dans le Projet Gastronomique Africain et est unique en son...\" \/>\n<meta property=\"og:url\" content=\"https:\/\/africagastronomique.com\/en\/fashion-cuisine\/\" \/>\n<meta property=\"og:site_name\" content=\"AFRICA GASTRONOMIQUE\" \/>\n<meta property=\"article:modified_time\" content=\"2021-02-22T10:48:09+00:00\" \/>\n<meta property=\"og:image\" content=\"https:\/\/africagastronomique.com\/wp-content\/uploads\/2021\/02\/CA4-370x247.jpeg\" \/>\n<meta name=\"twitter:card\" content=\"summary_large_image\" \/>\n<meta name=\"twitter:label1\" content=\"Est. reading time\" \/>\n\t<meta name=\"twitter:data1\" content=\"5 minutes\" \/>\n<script type=\"application\/ld+json\" class=\"yoast-schema-graph\">{\"@context\":\"https:\/\/schema.org\",\"@graph\":[{\"@type\":\"WebPage\",\"@id\":\"https:\/\/africagastronomique.com\/fashion-cuisine\/\",\"url\":\"https:\/\/africagastronomique.com\/fashion-cuisine\/\",\"name\":\"FASHION CUISINE - AFRICA GASTRONOMIQUE\",\"isPartOf\":{\"@id\":\"https:\/\/africagastronomique.com\/#website\"},\"datePublished\":\"2021-02-18T15:01:44+00:00\",\"dateModified\":\"2021-02-22T10:48:09+00:00\",\"breadcrumb\":{\"@id\":\"https:\/\/africagastronomique.com\/fashion-cuisine\/#breadcrumb\"},\"inLanguage\":\"en-US\",\"potentialAction\":[{\"@type\":\"ReadAction\",\"target\":[\"https:\/\/africagastronomique.com\/fashion-cuisine\/\"]}]},{\"@type\":\"BreadcrumbList\",\"@id\":\"https:\/\/africagastronomique.com\/fashion-cuisine\/#breadcrumb\",\"itemListElement\":[{\"@type\":\"ListItem\",\"position\":1,\"name\":\"Accueil\",\"item\":\"https:\/\/africagastronomique.com\/\"},{\"@type\":\"ListItem\",\"position\":2,\"name\":\"FASHION CUISINE\"}]},{\"@type\":\"WebSite\",\"@id\":\"https:\/\/africagastronomique.com\/#website\",\"url\":\"https:\/\/africagastronomique.com\/\",\"name\":\"AFRICA GASTRONOMIQUE\",\"description\":\"\",\"publisher\":{\"@id\":\"https:\/\/africagastronomique.com\/#organization\"},\"potentialAction\":[{\"@type\":\"SearchAction\",\"target\":{\"@type\":\"EntryPoint\",\"urlTemplate\":\"https:\/\/africagastronomique.com\/?s={search_term_string}\"},\"query-input\":\"required name=search_term_string\"}],\"inLanguage\":\"en-US\"},{\"@type\":\"Organization\",\"@id\":\"https:\/\/africagastronomique.com\/#organization\",\"name\":\"AFRICA GASTRONOMIQUE\",\"url\":\"https:\/\/africagastronomique.com\/\",\"logo\":{\"@type\":\"ImageObject\",\"inLanguage\":\"en-US\",\"@id\":\"https:\/\/africagastronomique.com\/#\/schema\/logo\/image\/\",\"url\":\"https:\/\/africagastronomique.com\/wp-content\/uploads\/2020\/01\/cropped-cropped-logoafrique.png\",\"contentUrl\":\"https:\/\/africagastronomique.com\/wp-content\/uploads\/2020\/01\/cropped-cropped-logoafrique.png\",\"width\":121,\"height\":120,\"caption\":\"AFRICA GASTRONOMIQUE\"},\"image\":{\"@id\":\"https:\/\/africagastronomique.com\/#\/schema\/logo\/image\/\"}}]}<\/script>\n<!-- \/ Yoast SEO plugin. -->","yoast_head_json":{"title":"FASHION CUISINE - AFRICA GASTRONOMIQUE","robots":{"index":"index","follow":"follow","max-snippet":"max-snippet:-1","max-image-preview":"max-image-preview:large","max-video-preview":"max-video-preview:-1"},"canonical":"https:\/\/africagastronomique.com\/en\/fashion-cuisine\/","og_locale":"en_US","og_type":"article","og_title":"FASHION CUISINE - AFRICA GASTRONOMIQUE","og_description":"https:\/\/www.youtube.com\/watch?v=ZjiMGpXtW60 AFRIQUE GASTRONOMIQUE: FASHION CUISINE Africa Gastronomique Summit: La Fashion Cuisine Africaine Gastronomique est le quatri\u00e8me \u00e9v\u00e9nement majeur qui existe dans le Projet Gastronomique Africain et est unique en son...","og_url":"https:\/\/africagastronomique.com\/en\/fashion-cuisine\/","og_site_name":"AFRICA GASTRONOMIQUE","article_modified_time":"2021-02-22T10:48:09+00:00","og_image":[{"url":"https:\/\/africagastronomique.com\/wp-content\/uploads\/2021\/02\/CA4-370x247.jpeg"}],"twitter_card":"summary_large_image","twitter_misc":{"Est. reading time":"5 minutes"},"schema":{"@context":"https:\/\/schema.org","@graph":[{"@type":"WebPage","@id":"https:\/\/africagastronomique.com\/fashion-cuisine\/","url":"https:\/\/africagastronomique.com\/fashion-cuisine\/","name":"FASHION CUISINE - AFRICA GASTRONOMIQUE","isPartOf":{"@id":"https:\/\/africagastronomique.com\/#website"},"datePublished":"2021-02-18T15:01:44+00:00","dateModified":"2021-02-22T10:48:09+00:00","breadcrumb":{"@id":"https:\/\/africagastronomique.com\/fashion-cuisine\/#breadcrumb"},"inLanguage":"en-US","potentialAction":[{"@type":"ReadAction","target":["https:\/\/africagastronomique.com\/fashion-cuisine\/"]}]},{"@type":"BreadcrumbList","@id":"https:\/\/africagastronomique.com\/fashion-cuisine\/#breadcrumb","itemListElement":[{"@type":"ListItem","position":1,"name":"Accueil","item":"https:\/\/africagastronomique.com\/"},{"@type":"ListItem","position":2,"name":"FASHION CUISINE"}]},{"@type":"WebSite","@id":"https:\/\/africagastronomique.com\/#website","url":"https:\/\/africagastronomique.com\/","name":"AFRICA GASTRONOMIQUE","description":"","publisher":{"@id":"https:\/\/africagastronomique.com\/#organization"},"potentialAction":[{"@type":"SearchAction","target":{"@type":"EntryPoint","urlTemplate":"https:\/\/africagastronomique.com\/?s={search_term_string}"},"query-input":"required name=search_term_string"}],"inLanguage":"en-US"},{"@type":"Organization","@id":"https:\/\/africagastronomique.com\/#organization","name":"AFRICA GASTRONOMIQUE","url":"https:\/\/africagastronomique.com\/","logo":{"@type":"ImageObject","inLanguage":"en-US","@id":"https:\/\/africagastronomique.com\/#\/schema\/logo\/image\/","url":"https:\/\/africagastronomique.com\/wp-content\/uploads\/2020\/01\/cropped-cropped-logoafrique.png","contentUrl":"https:\/\/africagastronomique.com\/wp-content\/uploads\/2020\/01\/cropped-cropped-logoafrique.png","width":121,"height":120,"caption":"AFRICA GASTRONOMIQUE"},"image":{"@id":"https:\/\/africagastronomique.com\/#\/schema\/logo\/image\/"}}]}},"_links":{"self":[{"href":"https:\/\/africagastronomique.com\/en\/wp-json\/wp\/v2\/pages\/2496","targetHints":{"allow":["GET"]}}],"collection":[{"href":"https:\/\/africagastronomique.com\/en\/wp-json\/wp\/v2\/pages"}],"about":[{"href":"https:\/\/africagastronomique.com\/en\/wp-json\/wp\/v2\/types\/page"}],"author":[{"embeddable":true,"href":"https:\/\/africagastronomique.com\/en\/wp-json\/wp\/v2\/users\/2"}],"replies":[{"embeddable":true,"href":"https:\/\/africagastronomique.com\/en\/wp-json\/wp\/v2\/comments?post=2496"}],"version-history":[{"count":6,"href":"https:\/\/africagastronomique.com\/en\/wp-json\/wp\/v2\/pages\/2496\/revisions"}],"predecessor-version":[{"id":2506,"href":"https:\/\/africagastronomique.com\/en\/wp-json\/wp\/v2\/pages\/2496\/revisions\/2506"}],"wp:attachment":[{"href":"https:\/\/africagastronomique.com\/en\/wp-json\/wp\/v2\/media?parent=2496"}],"curies":[{"name":"wp","href":"https:\/\/api.w.org\/{rel}","templated":true}]}}